{"id":1878,"date":"2021-06-17T19:33:25","date_gmt":"2021-06-17T22:33:25","guid":{"rendered":"https:\/\/grafica-salvador.com\/nossos-servicos\/banner-precos-em-salvador\/"},"modified":"2021-06-17T19:33:25","modified_gmt":"2021-06-17T22:33:25","slug":"banner-precos-em-salvador","status":"publish","type":"page","link":"https:\/\/grafica-salvador.com\/pt\/nossos-servicos\/banner-precos-em-salvador\/","title":{"rendered":"Banner pre\u00e7os em Salvador"},"content":{"rendered":"<div class=\"kk-star-ratings kksr-auto kksr-align-right kksr-valign-top\"\n    data-payload='{&quot;align&quot;:&quot;right&quot;,&quot;id&quot;:&quot;1878&quot;,&quot;slug&quot;:&quot;default&quot;,&quot;valign&quot;:&quot;top&quot;,&quot;ignore&quot;:&quot;&quot;,&quot;reference&quot;:&quot;auto&quot;,&quot;class&quot;:&quot;&quot;,&quot;count&quot;:&quot;0&quot;,&quot;legendonly&quot;:&quot;&quot;,&quot;readonly&quot;:&quot;&quot;,&quot;score&quot;:&quot;0&quot;,&quot;starsonly&quot;:&quot;&quot;,&quot;best&quot;:&quot;5&quot;,&quot;gap&quot;:&quot;5&quot;,&quot;greet&quot;:&quot;Avalia\u00e7\u00e3o do servi\u00e7o page&quot;,&quot;legend&quot;:&quot;0\\\/5 - (0 avalia\u00e7\u00f5es)&quot;,&quot;size&quot;:&quot;24&quot;,&quot;title&quot;:&quot;Banner pre\u00e7os em Salvador&quot;,&quot;width&quot;:&quot;0&quot;,&quot;_legend&quot;:&quot;{score}\\\/{best} - ({count} avalia\u00e7\u00f5es)&quot;,&quot;font_factor&quot;:&quot;1.25&quot;}'>\n            \n<div class=\"kksr-stars\">\n    \n<div class=\"kksr-stars-inactive\">\n            <div class=\"kksr-star\" data-star=\"1\" style=\"padding-right: 5px\">\n            \n\n<div class=\"kksr-icon\" style=\"width: 24px; height: 24px;\"><\/div>\n        <\/div>\n            <div class=\"kksr-star\" data-star=\"2\" style=\"padding-right: 5px\">\n            \n\n<div class=\"kksr-icon\" style=\"width: 24px; height: 24px;\"><\/div>\n        <\/div>\n            <div class=\"kksr-star\" data-star=\"3\" style=\"padding-right: 5px\">\n            \n\n<div class=\"kksr-icon\" style=\"width: 24px; height: 24px;\"><\/div>\n        <\/div>\n            <div class=\"kksr-star\" data-star=\"4\" style=\"padding-right: 5px\">\n            \n\n<div class=\"kksr-icon\" style=\"width: 24px; height: 24px;\"><\/div>\n        <\/div>\n            <div class=\"kksr-star\" data-star=\"5\" style=\"padding-right: 5px\">\n            \n\n<div class=\"kksr-icon\" style=\"width: 24px; height: 24px;\"><\/div>\n        <\/div>\n    <\/div>\n    \n<div class=\"kksr-stars-active\" style=\"width: 0px;\">\n            <div class=\"kksr-star\" style=\"padding-right: 5px\">\n            \n\n<div class=\"kksr-icon\" style=\"width: 24px; height: 24px;\"><\/div>\n        <\/div>\n            <div class=\"kksr-star\" style=\"padding-right: 5px\">\n            \n\n<div class=\"kksr-icon\" style=\"width: 24px; height: 24px;\"><\/div>\n        <\/div>\n            <div class=\"kksr-star\" style=\"padding-right: 5px\">\n            \n\n<div class=\"kksr-icon\" style=\"width: 24px; height: 24px;\"><\/div>\n        <\/div>\n            <div class=\"kksr-star\" style=\"padding-right: 5px\">\n            \n\n<div class=\"kksr-icon\" style=\"width: 24px; height: 24px;\"><\/div>\n        <\/div>\n            <div class=\"kksr-star\" style=\"padding-right: 5px\">\n            \n\n<div class=\"kksr-icon\" style=\"width: 24px; height: 24px;\"><\/div>\n        <\/div>\n    <\/div>\n<\/div>\n                \n\n<div class=\"kksr-legend\" style=\"font-size: 19.2px;\">\n            <span class=\"kksr-muted\">Avalia\u00e7\u00e3o do servi\u00e7o page<\/span>\n    <\/div>\n    <\/div>\n<p>A Grafica Salvador oferece muitos servi\u00e7os de impress\u00e3o r\u00e1pida, abrangendo : <strong>Banner pre\u00e7os em Salvador<\/strong>, adesiva\u00e7\u00e3o de carro, impress\u00e3o de revista, impress\u00e3o de apostilas, banner personalizado com foto, banner personalizado com foto, adesivos ve\u00edculos, impress\u00e3o asa norte, impress\u00e3o de fotos em tela de pintura, impress\u00e3o vinil adesivo&#8230; <strong>em Salvador, Bahia<\/strong>.<\/p>\n<\/p>\n<p>Para saber mais sobre <strong>Banner pre\u00e7os<\/strong> em Salvador, entre em contato agora.<\/p><\/p>","protected":false},"excerpt":{"rendered":"<p>A Grafica Salvador oferece muitos servi\u00e7os de impress\u00e3o r\u00e1pida, abrangendo : Banner pre\u00e7os em Salvador, adesiva\u00e7\u00e3o de carro, impress\u00e3o de revista, impress\u00e3o de apostilas, banner personalizado com foto, banner personalizado com foto, adesivos ve\u00edculos, impress\u00e3o asa norte, impress\u00e3o de fotos&hellip;<\/p>","protected":false},"author":1,"featured_media":0,"parent":30,"menu_order":0,"comment_status":"closed","ping_status":"closed","template":"","meta":{"footnotes":""},"class_list":["post-1878","page","type-page","status-publish","hentry"],"_links":{"self":[{"href":"https:\/\/grafica-salvador.com\/pt\/wp-json\/wp\/v2\/pages\/1878","targetHints":{"allow":["GET"]}}],"collection":[{"href":"https:\/\/grafica-salvador.com\/pt\/wp-json\/wp\/v2\/pages"}],"about":[{"href":"https:\/\/grafica-salvador.com\/pt\/wp-json\/wp\/v2\/types\/page"}],"author":[{"embeddable":true,"href":"https:\/\/grafica-salvador.com\/pt\/wp-json\/wp\/v2\/users\/1"}],"replies":[{"embeddable":true,"href":"https:\/\/grafica-salvador.com\/pt\/wp-json\/wp\/v2\/comments?post=1878"}],"version-history":[{"count":0,"href":"https:\/\/grafica-salvador.com\/pt\/wp-json\/wp\/v2\/pages\/1878\/revisions"}],"up":[{"embeddable":true,"href":"https:\/\/grafica-salvador.com\/pt\/wp-json\/wp\/v2\/pages\/30"}],"wp:attachment":[{"href":"https:\/\/grafica-salvador.com\/pt\/wp-json\/wp\/v2\/media?parent=1878"}],"curies":[{"name":"wp","href":"https:\/\/api.w.org\/{rel}","templated":true}]}}