{"id":1884,"date":"2021-06-18T07:16:20","date_gmt":"2021-06-18T10:16:20","guid":{"rendered":"https:\/\/grafica-salvador.com\/nossos-servicos\/confeccao-de-adesivos-em-salvador\/"},"modified":"2021-08-26T07:54:17","modified_gmt":"2021-08-26T10:54:17","slug":"confeccao-de-adesivos-em-salvador","status":"publish","type":"page","link":"https:\/\/grafica-salvador.com\/pt\/nossos-servicos\/confeccao-de-adesivos-em-salvador\/","title":{"rendered":"Confec\u00e7\u00e3o de adesivos em Salvador"},"content":{"rendered":"<div class=\"kk-star-ratings kksr-auto kksr-align-right kksr-valign-top\"\n    data-payload='{&quot;align&quot;:&quot;right&quot;,&quot;id&quot;:&quot;1884&quot;,&quot;slug&quot;:&quot;default&quot;,&quot;valign&quot;:&quot;top&quot;,&quot;ignore&quot;:&quot;&quot;,&quot;reference&quot;:&quot;auto&quot;,&quot;class&quot;:&quot;&quot;,&quot;count&quot;:&quot;16&quot;,&quot;legendonly&quot;:&quot;&quot;,&quot;readonly&quot;:&quot;&quot;,&quot;score&quot;:&quot;4.5&quot;,&quot;starsonly&quot;:&quot;&quot;,&quot;best&quot;:&quot;5&quot;,&quot;gap&quot;:&quot;5&quot;,&quot;greet&quot;:&quot;Avalia\u00e7\u00e3o do servi\u00e7o page&quot;,&quot;legend&quot;:&quot;4.5\\\/5 - (16 avalia\u00e7\u00f5es)&quot;,&quot;size&quot;:&quot;24&quot;,&quot;title&quot;:&quot;Confec\u00e7\u00e3o de adesivos em Salvador&quot;,&quot;width&quot;:&quot;128&quot;,&quot;_legend&quot;:&quot;{score}\\\/{best} - ({count} avalia\u00e7\u00f5es)&quot;,&quot;font_factor&quot;:&quot;1.25&quot;}'>\n            \n<div class=\"kksr-stars\">\n    \n<div class=\"kksr-stars-inactive\">\n            <div class=\"kksr-star\" data-star=\"1\" style=\"padding-right: 5px\">\n            \n\n<div class=\"kksr-icon\" style=\"width: 24px; height: 24px;\"><\/div>\n        <\/div>\n            <div class=\"kksr-star\" data-star=\"2\" style=\"padding-right: 5px\">\n            \n\n<div class=\"kksr-icon\" style=\"width: 24px; height: 24px;\"><\/div>\n        <\/div>\n            <div class=\"kksr-star\" data-star=\"3\" style=\"padding-right: 5px\">\n            \n\n<div class=\"kksr-icon\" style=\"width: 24px; height: 24px;\"><\/div>\n        <\/div>\n            <div class=\"kksr-star\" data-star=\"4\" style=\"padding-right: 5px\">\n            \n\n<div class=\"kksr-icon\" style=\"width: 24px; height: 24px;\"><\/div>\n        <\/div>\n            <div class=\"kksr-star\" data-star=\"5\" style=\"padding-right: 5px\">\n            \n\n<div class=\"kksr-icon\" style=\"width: 24px; height: 24px;\"><\/div>\n        <\/div>\n    <\/div>\n    \n<div class=\"kksr-stars-active\" style=\"width: 128px;\">\n            <div class=\"kksr-star\" style=\"padding-right: 5px\">\n            \n\n<div class=\"kksr-icon\" style=\"width: 24px; height: 24px;\"><\/div>\n        <\/div>\n            <div class=\"kksr-star\" style=\"padding-right: 5px\">\n            \n\n<div class=\"kksr-icon\" style=\"width: 24px; height: 24px;\"><\/div>\n        <\/div>\n            <div class=\"kksr-star\" style=\"padding-right: 5px\">\n            \n\n<div class=\"kksr-icon\" style=\"width: 24px; height: 24px;\"><\/div>\n        <\/div>\n            <div class=\"kksr-star\" style=\"padding-right: 5px\">\n            \n\n<div class=\"kksr-icon\" style=\"width: 24px; height: 24px;\"><\/div>\n        <\/div>\n            <div class=\"kksr-star\" style=\"padding-right: 5px\">\n            \n\n<div class=\"kksr-icon\" style=\"width: 24px; height: 24px;\"><\/div>\n        <\/div>\n    <\/div>\n<\/div>\n                \n\n<div class=\"kksr-legend\" style=\"font-size: 19.2px;\">\n            4.5\/5 - (16 avalia\u00e7\u00f5es)    <\/div>\n    <\/div>\n<p>Nossa f\u00e1brica de impress\u00e3o oferece muitos servi\u00e7os de impress\u00e3o sob medida, abrangendo: confec\u00e7\u00e3o<strong>\u00a0de adesivos em Salvador<\/strong>, empresas de banner, impress\u00e3o de convites, vinil adesivo para impress\u00e3o, impress\u00e3o serigrafia, impress\u00e3o serigrafia, impress\u00e3o etiquetas pimaco, impress\u00e3o de cart\u00e3o pvc, impress\u00e3o de panfletos&#8230; <strong>em Salvador, Bahia<\/strong>.<\/p>\n<p>Etiquetas ou adesivos s\u00e3o uma \u00f3tima maneira de se comunicar com estilo. Quando voc\u00ea precisa de etiquetas impressas para qualquer um de seus in\u00fameros usos, voc\u00ea precisa de uma empresa de impress\u00e3o de etiquetas profissional. A Grafica Salvador \u00e9 a sua empresa profissional de impress\u00e3o de etiquetas personalizadas em Salvador. Oferecemos uma grande variedade de op\u00e7\u00f5es.<img loading=\"lazy\" decoding=\"async\" class=\"aligncenter wp-image-2113 size-full\" src=\"https:\/\/grafica-salvador.com\/wp-content\/uploads\/2021\/08\/Impressao-de-adesivos-personalizados-em-Salvador.jpg\" alt=\"Impress\u00e3o de adesivos personalizados em Salvador\" width=\"777\" height=\"437\" srcset=\"https:\/\/grafica-salvador.com\/wp-content\/uploads\/2021\/08\/Impressao-de-adesivos-personalizados-em-Salvador.jpg 777w, https:\/\/grafica-salvador.com\/wp-content\/uploads\/2021\/08\/Impressao-de-adesivos-personalizados-em-Salvador-300x169.jpg 300w, https:\/\/grafica-salvador.com\/wp-content\/uploads\/2021\/08\/Impressao-de-adesivos-personalizados-em-Salvador-768x432.jpg 768w, https:\/\/grafica-salvador.com\/wp-content\/uploads\/2021\/08\/Impressao-de-adesivos-personalizados-em-Salvador-18x10.jpg 18w, https:\/\/grafica-salvador.com\/wp-content\/uploads\/2021\/08\/Impressao-de-adesivos-personalizados-em-Salvador-370x208.jpg 370w, https:\/\/grafica-salvador.com\/wp-content\/uploads\/2021\/08\/Impressao-de-adesivos-personalizados-em-Salvador-760x427.jpg 760w, https:\/\/grafica-salvador.com\/wp-content\/uploads\/2021\/08\/Impressao-de-adesivos-personalizados-em-Salvador-740x416.jpg 740w, https:\/\/grafica-salvador.com\/wp-content\/uploads\/2021\/08\/Impressao-de-adesivos-personalizados-em-Salvador-270x152.jpg 270w, https:\/\/grafica-salvador.com\/wp-content\/uploads\/2021\/08\/Impressao-de-adesivos-personalizados-em-Salvador-540x304.jpg 540w\" sizes=\"auto, (max-width: 777px) 100vw, 777px\" \/><\/p>\n<h2>Impress\u00e3o de adesivos personalizados em Salvador<\/h2>\n<p>A equipe da Grafica Salvador se destaca na concep\u00e7\u00e3o e produ\u00e7\u00e3o de adesivos e etiquetas autoadesivas. Nossos adesivos \/ etiquetas de produtos podem ser usados \u200b\u200bpara apresentar logotipos, c\u00f3digos de barras, c\u00f3digos de consulta de pre\u00e7os (c\u00f3digo de barras, c\u00f3digo ou descri\u00e7\u00e3o, refer\u00eancia do produto), unidades de armazenamento (SKUs) e \/ ou c\u00f3digos de produtos destac\u00e1veis \u200b\u200b(frutas, vegetais, etc.).<\/p>\n<p>Para saber mais sobre <strong>Confec\u00e7\u00e3o de adesivos<\/strong> em Salvador, entre em contato e aproveite os nossos excelentes descontos.<\/p>\n<p><strong>As pessoas tamb\u00e9m pesquisaram:<\/strong><\/p>\n<ul>\n<li>loja de adesivos em salvador<\/li>\n<li>distribuidora de adesivos<\/li>\n<li>customize adesivos salvador<\/li>\n<li>adesivo personalizado salvador<\/li>\n<li>comunica\u00e7\u00e3o visual salvador<\/li>\n<li>adesivos personalizados<\/li>\n<li>customize adesivos<\/li>\n<li>adesivos salvador bahia<\/li>\n<li>adesivos carnaval<\/li>\n<li>adesivos para carros<\/li>\n<li>adesivos para motos<\/li>\n<li>fabrica de adesivos em salvador<\/li>\n<li>impress\u00e3o adesivos<\/li>\n<li>adesivos olx salvador<\/li>\n<li>confec\u00e7\u00e3o de adesivos personalizados salvador<\/li>\n<li>adesivo vinilico<\/li>\n<\/ul>","protected":false},"excerpt":{"rendered":"<p>Nossa f\u00e1brica de impress\u00e3o oferece muitos servi\u00e7os de impress\u00e3o sob medida, abrangendo: confec\u00e7\u00e3o\u00a0de adesivos em Salvador, empresas de banner, impress\u00e3o de convites, vinil adesivo para impress\u00e3o, impress\u00e3o serigrafia, impress\u00e3o serigrafia, impress\u00e3o etiquetas pimaco, impress\u00e3o de cart\u00e3o pvc, impress\u00e3o de panfletos&#8230;&hellip;<\/p>","protected":false},"author":1,"featured_media":0,"parent":30,"menu_order":0,"comment_status":"closed","ping_status":"closed","template":"","meta":{"footnotes":""},"class_list":["post-1884","page","type-page","status-publish","hentry"],"_links":{"self":[{"href":"https:\/\/grafica-salvador.com\/pt\/wp-json\/wp\/v2\/pages\/1884","targetHints":{"allow":["GET"]}}],"collection":[{"href":"https:\/\/grafica-salvador.com\/pt\/wp-json\/wp\/v2\/pages"}],"about":[{"href":"https:\/\/grafica-salvador.com\/pt\/wp-json\/wp\/v2\/types\/page"}],"author":[{"embeddable":true,"href":"https:\/\/grafica-salvador.com\/pt\/wp-json\/wp\/v2\/users\/1"}],"replies":[{"embeddable":true,"href":"https:\/\/grafica-salvador.com\/pt\/wp-json\/wp\/v2\/comments?post=1884"}],"version-history":[{"count":0,"href":"https:\/\/grafica-salvador.com\/pt\/wp-json\/wp\/v2\/pages\/1884\/revisions"}],"up":[{"embeddable":true,"href":"https:\/\/grafica-salvador.com\/pt\/wp-json\/wp\/v2\/pages\/30"}],"wp:attachment":[{"href":"https:\/\/grafica-salvador.com\/pt\/wp-json\/wp\/v2\/media?parent=1884"}],"curies":[{"name":"wp","href":"https:\/\/api.w.org\/{rel}","templated":true}]}}